{"id":951,"date":"2023-06-24T12:40:57","date_gmt":"2023-06-24T12:40:57","guid":{"rendered":"https:\/\/aswittepartg.de\/chi-siamo\/astrid-elke-witte-jahrgang-1957\/"},"modified":"2026-02-20T09:07:21","modified_gmt":"2026-02-20T09:07:21","slug":"astrid-elke-witte-nata-nel-1957","status":"publish","type":"page","link":"https:\/\/aswittepartg.de\/it\/chi-siamo\/astrid-elke-witte-nata-nel-1957\/","title":{"rendered":"Astrid Elke Witte, Jahrgang 1957"},"content":{"rendered":"\t\t<div data-elementor-type=\"wp-page\" data-elementor-id=\"951\" class=\"elementor elementor-951 elementor-133\" data-elementor-post-type=\"page\">\n\t\t\t\t\t\t<section class=\"elementor-section elementor-top-section elementor-element elementor-element-b655431 elementor-section-boxed elementor-section-height-default elementor-section-height-default\" data-id=\"b655431\" data-element_type=\"section\" data-e-type=\"section\">\n\t\t\t\t\t\t<div class=\"elementor-container elementor-column-gap-default\">\n\t\t\t\t\t<div class=\"elementor-column elementor-col-100 elementor-top-column elementor-element elementor-element-fe95ae2\" data-id=\"fe95ae2\" data-element_type=\"column\" data-e-type=\"column\" data-settings=\"{&quot;background_background&quot;:&quot;classic&quot;}\">\n\t\t\t<div class=\"elementor-widget-wrap elementor-element-populated\">\n\t\t\t\t\t\t<div class=\"elementor-element elementor-element-1c80a2a elementor-widget elementor-widget-heading\" data-id=\"1c80a2a\" data-element_type=\"widget\" data-e-type=\"widget\" data-widget_type=\"heading.default\">\n\t\t\t\t<div class=\"elementor-widget-container\">\n\t\t\t\t\t<h1 class=\"elementor-heading-title elementor-size-default\">Astrid Elke Witte, nata nel 1957<\/h1>\t\t\t\t<\/div>\n\t\t\t\t<\/div>\n\t\t\t\t\t<\/div>\n\t\t<\/div>\n\t\t\t\t\t<\/div>\n\t\t<\/section>\n\t\t\t\t<section class=\"elementor-section elementor-top-section elementor-element elementor-element-14d0c29 elementor-section-boxed elementor-section-height-default elementor-section-height-default\" data-id=\"14d0c29\" data-element_type=\"section\" data-e-type=\"section\">\n\t\t\t\t\t\t<div class=\"elementor-container elementor-column-gap-default\">\n\t\t\t\t\t<div class=\"elementor-column elementor-col-50 elementor-top-column elementor-element elementor-element-6a73b47\" data-id=\"6a73b47\" data-element_type=\"column\" data-e-type=\"column\" data-settings=\"{&quot;background_background&quot;:&quot;classic&quot;}\">\n\t\t\t<div class=\"elementor-widget-wrap elementor-element-populated\">\n\t\t\t\t\t\t<div class=\"elementor-element elementor-element-422b447 elementor-widget elementor-widget-image\" data-id=\"422b447\" data-element_type=\"widget\" data-e-type=\"widget\" data-widget_type=\"image.default\">\n\t\t\t\t<div class=\"elementor-widget-container\">\n\t\t\t\t\t\t\t\t\t\t\t\t\t\t\t<img fetchpriority=\"high\" decoding=\"async\" width=\"365\" height=\"548\" src=\"https:\/\/aswittepartg.de\/wp-content\/uploads\/2023\/06\/elke.jpg\" class=\"attachment-full size-full wp-image-412\" alt=\"\" srcset=\"https:\/\/aswittepartg.de\/wp-content\/uploads\/2023\/06\/elke.jpg 365w, https:\/\/aswittepartg.de\/wp-content\/uploads\/2023\/06\/elke-200x300.jpg 200w\" sizes=\"(max-width: 365px) 100vw, 365px\" \/>\t\t\t\t\t\t\t\t\t\t\t\t\t\t\t<\/div>\n\t\t\t\t<\/div>\n\t\t\t\t<div class=\"elementor-element elementor-element-9f403af elementor-widget elementor-widget-heading\" data-id=\"9f403af\" data-element_type=\"widget\" data-e-type=\"widget\" data-widget_type=\"heading.default\">\n\t\t\t\t<div class=\"elementor-widget-container\">\n\t\t\t\t\t<h3 class=\"elementor-heading-title elementor-size-default\">Dettagli del progetto\n<\/h3>\t\t\t\t<\/div>\n\t\t\t\t<\/div>\n\t\t\t\t<div class=\"elementor-element elementor-element-8ac45bb elementor-widget elementor-widget-text-editor\" data-id=\"8ac45bb\" data-element_type=\"widget\" data-e-type=\"widget\" data-widget_type=\"text-editor.default\">\n\t\t\t\t<div class=\"elementor-widget-container\">\n\t\t\t\t\t\t\t\t\t<p>Volume: 43230 parole<br \/>(173 cartelle)<br \/>Termine di consegna:<br \/>12\/2005<br \/>Combinazione linguistica:<br \/>Tedesco &gt; Inglese<\/p>\t\t\t\t\t\t\t\t<\/div>\n\t\t\t\t<\/div>\n\t\t\t\t<div class=\"elementor-element elementor-element-24e5d1b elementor-widget elementor-widget-heading\" data-id=\"24e5d1b\" data-element_type=\"widget\" data-e-type=\"widget\" data-widget_type=\"heading.default\">\n\t\t\t\t<div class=\"elementor-widget-container\">\n\t\t\t\t\t<h3 class=\"elementor-heading-title elementor-size-default\">Descrizione<\/h3>\t\t\t\t<\/div>\n\t\t\t\t<\/div>\n\t\t\t\t<div class=\"elementor-element elementor-element-08065f1 elementor-widget elementor-widget-text-editor\" data-id=\"08065f1\" data-element_type=\"widget\" data-e-type=\"widget\" data-widget_type=\"text-editor.default\">\n\t\t\t\t<div class=\"elementor-widget-container\">\n\t\t\t\t\t\t\t\t\t<div>Traduzione della<br \/>corrispondenza delle parti, tra cui le memorie (dichiarazioni delle parti nei confronti del Tribunale), in un&#8217;azione giuridica com- plessa svoltasi nel secondo semestre del 2005<\/div>\t\t\t\t\t\t\t\t<\/div>\n\t\t\t\t<\/div>\n\t\t\t\t<div class=\"elementor-element elementor-element-1e92376 elementor-widget elementor-widget-heading\" data-id=\"1e92376\" data-element_type=\"widget\" data-e-type=\"widget\" data-widget_type=\"heading.default\">\n\t\t\t\t<div class=\"elementor-widget-container\">\n\t\t\t\t\t<h3 class=\"elementor-heading-title elementor-size-default\">Settore di specializzazione<\/h3>\t\t\t\t<\/div>\n\t\t\t\t<\/div>\n\t\t\t\t<div class=\"elementor-element elementor-element-44492e5 elementor-widget elementor-widget-text-editor\" data-id=\"44492e5\" data-element_type=\"widget\" data-e-type=\"widget\" data-widget_type=\"text-editor.default\">\n\t\t\t\t<div class=\"elementor-widget-container\">\n\t\t\t\t\t\t\t\t\t<div><span style=\"color: var( --e-global-color-text ); font-family: var( --e-global-typography-text-font-family ), Sans-serif; font-size: 1rem; font-weight: var( --e-global-typography-text-font-weight ); font-style: inherit;\">brevetti, marchi, diritto d&#8217;autore Riscontro del cliente: positivo<\/span><\/div><div>Cliente: Gr\u00fcnecker,<br \/>Kinkeldey, Stockmair &amp; Schwanh\u00e4usser, Patent- und Rechtsanw\u00e4lte (avvocati e consulenti in diritto dei brevetti),\u00a0<\/div><div><a href=\"http:\/\/www.grunecker.de\/\" data-extlink=\"\">www.grunecker.de<\/a><\/div>\t\t\t\t\t\t\t\t<\/div>\n\t\t\t\t<\/div>\n\t\t\t\t\t<\/div>\n\t\t<\/div>\n\t\t\t\t<div class=\"elementor-column elementor-col-50 elementor-top-column elementor-element elementor-element-e26f307\" data-id=\"e26f307\" data-element_type=\"column\" data-e-type=\"column\" data-settings=\"{&quot;background_background&quot;:&quot;classic&quot;}\">\n\t\t\t<div class=\"elementor-widget-wrap elementor-element-populated\">\n\t\t\t\t\t\t<section class=\"elementor-section elementor-inner-section elementor-element elementor-element-fe4bcd4 elementor-reverse-tablet elementor-reverse-mobile elementor-section-boxed elementor-section-height-default elementor-section-height-default\" data-id=\"fe4bcd4\" data-element_type=\"section\" data-e-type=\"section\">\n\t\t\t\t\t\t<div class=\"elementor-container elementor-column-gap-default\">\n\t\t\t\t\t<div class=\"elementor-column elementor-col-50 elementor-inner-column elementor-element elementor-element-8849672\" data-id=\"8849672\" data-element_type=\"column\" data-e-type=\"column\">\n\t\t\t<div class=\"elementor-widget-wrap elementor-element-populated\">\n\t\t\t\t\t\t<div class=\"elementor-element elementor-element-31c1008 elementor-widget elementor-widget-text-editor\" data-id=\"31c1008\" data-element_type=\"widget\" data-e-type=\"widget\" data-widget_type=\"text-editor.default\">\n\t\t\t\t<div class=\"elementor-widget-container\">\n\t\t\t\t\t\t\t\t\t<p>La figlia di un inglese e di una tedesca del Nord \u00e8 nata nello Yorkshire, in Gran Bretagna, e fin da bambina si \u00e8 interessata alle lingue.\u00a0<\/p><p>Gi\u00e0 all&#8217;et\u00e0 di 8 anni sfoglia tutte le sere, a letto, la sua grammatica di inglese e a tutt&#8217;oggi ritiene fondamentale padroneggiare la lingua inglese ai massimi livelli.\u00a0<\/p><p>Studia le lingue inglese e francese nonch\u00e9 teologia protestante all&#8217;universit\u00e0 di Aberdeen (Scozia).<\/p><p><span style=\"font-style: inherit; font-weight: inherit;\">Da 16 anni svolge la professione di traduttrice in Germania.\u00a0<\/span><\/p><p><span style=\"font-style: inherit; font-weight: inherit;\">Nel 1998 traduce un libro sull&#8217;economia e la scienza della Sassonia-Anhalt dal tedesco all&#8217;inglese.\u00a0<\/span><\/p>\t\t\t\t\t\t\t\t<\/div>\n\t\t\t\t<\/div>\n\t\t\t\t\t<\/div>\n\t\t<\/div>\n\t\t\t\t<div class=\"elementor-column elementor-col-50 elementor-inner-column elementor-element elementor-element-f1b09db\" data-id=\"f1b09db\" data-element_type=\"column\" data-e-type=\"column\">\n\t\t\t<div class=\"elementor-widget-wrap elementor-element-populated\">\n\t\t\t\t\t\t<div class=\"elementor-element elementor-element-2319d99 elementor-widget elementor-widget-text-editor\" data-id=\"2319d99\" data-element_type=\"widget\" data-e-type=\"widget\" data-widget_type=\"text-editor.default\">\n\t\t\t\t<div class=\"elementor-widget-container\">\n\t\t\t\t\t\t\t\t\t<div class=\"quote\">\n\n\t\t\t\n\t\t\t\t\t\t<p class=\"statement\">\n\t\t\t\t\t\nServicio professionale e cortese, traduzioni di alta qualit\u00e0. Preventivi immediati.\t\t\t<\/p>\n\t\t\t\n\t\t\t\t\t\t<p class=\"author mini\">\n\t\t\t\t\nedelzwicker, 01\/09\/2010\n<br>Outsourcer\t\t\t<\/p>\n\t\t\t\n\t\t\t\t\t\t\n\t\t\t\t\t<\/div>\n\t\t\n\t\t<div class=\"quote\">\n\n\t\t\t\n\t\t\t\t\t\t<p class=\"statement\">\n\t\t\t\t\t\nOttimo lavoro. Il nostro cliente \u00e8 stato molto soddisfatto. Torneremo a collaborare quanto prima. \t\t\t<\/p>\n\t\t\t\n\t\t\t\t\t\t<p class=\"author mini\">\n\t\t\t\t\nModusNext GmbH, 29\/12\/2009\n<br>Outsourcer\t\t\t<\/p>\n\t\t\t\n\t\t\t\t\t\t\n\t\t\t\t\t<\/div>\n\t\t\n\t\t<div class=\"quote\">\n\n\t\t\t\n\t\t\t\t\t\t<p class=\"statement\">\n\t\t\t\t\t\nRisposte veloci, consegne rapide, communicazione cortese e sopratutto: qualit\u00e0 costantemente eccellente!\t\t\t<\/p>\n\t\t\t\n\t\t\t\t\t\t<p class=\"author mini\">\n\t\t\t\t\nSusan van den Ende, 27\/11\/2009\n<br>Outsourcer\t\t\t<\/p>\n\t\t\t\n\t\t\t\t\t\t\n\t\t\t\t\t<\/div>\n\t\t\n\t\t<div class=\"quote\">\n\n\t\t\t\n\t\t\t\t\t\t<p class=\"statement\">\n\t\t\t\t\t\nCollaborazione molto professionale e piacevole!\t\t\t<\/p>\n\t\t\t\n\t\t\t\t\t\t<p class=\"author mini\">\n\t\t\t\t\nAnne Myrsky, 30\/04\/2009\t\t\t\t\t\t\t\n<br>Outsourcer\t\t\t<\/p>\n\t\t\t\t\t<\/div>\n\t\t\n\t\t<div class=\"quote\">\n\n\t\t\t\n\t\t\t\t\t\t\n\t\t\t\n\t\t\t\t\t<\/div>\t\t\t\t\t\t\t\t<\/div>\n\t\t\t\t<\/div>\n\t\t\t\t\t<\/div>\n\t\t<\/div>\n\t\t\t\t\t<\/div>\n\t\t<\/section>\n\t\t\t\t<section class=\"elementor-section elementor-inner-section elementor-element elementor-element-4593f12 elementor-reverse-tablet elementor-reverse-mobile elementor-section-boxed elementor-section-height-default elementor-section-height-default\" data-id=\"4593f12\" data-element_type=\"section\" data-e-type=\"section\">\n\t\t\t\t\t\t<div class=\"elementor-container elementor-column-gap-default\">\n\t\t\t\t\t<div class=\"elementor-column elementor-col-100 elementor-inner-column elementor-element elementor-element-8086f7c\" data-id=\"8086f7c\" data-element_type=\"column\" data-e-type=\"column\">\n\t\t\t<div class=\"elementor-widget-wrap elementor-element-populated\">\n\t\t\t\t\t\t<div class=\"elementor-element elementor-element-babe58f elementor-hidden-desktop elementor-hidden-tablet elementor-widget elementor-widget-spacer\" data-id=\"babe58f\" data-element_type=\"widget\" data-e-type=\"widget\" data-widget_type=\"spacer.default\">\n\t\t\t\t<div class=\"elementor-widget-container\">\n\t\t\t\t\t\t\t<div class=\"elementor-spacer\">\n\t\t\t<div class=\"elementor-spacer-inner\"><\/div>\n\t\t<\/div>\n\t\t\t\t\t\t<\/div>\n\t\t\t\t<\/div>\n\t\t\t\t<div class=\"elementor-element elementor-element-cac329e elementor-widget elementor-widget-text-editor\" data-id=\"cac329e\" data-element_type=\"widget\" data-e-type=\"widget\" data-widget_type=\"text-editor.default\">\n\t\t\t\t<div class=\"elementor-widget-container\">\n\t\t\t\t\t\t\t\t\t<p><span style=\"font-family: Arial, Helvetica, sans-serif;\">Dal 1998 alla fine del 2004 \u00e8 impiegata presso uno studio di avvocati e consulenti in diritto dei brevetti di Monaco, tant&#8217;\u00e8 che la specializzazione come traduttrice per il settore del diritto d&#8217;autore commerciale \u00e8 stata una conseguenza logica. A tale proposito ha acquisito esperienza con la traduzione di<\/span><\/p><ul><li><span style=\"background-color: transparent; font-style: inherit; font-weight: inherit;\">memorie, ordinanze e sentenze riguardanti la violazione di marchi, modelli ornamentali e modelli d&#8217;utilit\u00e0<\/span><\/li><li><span style=\"background-color: transparent; font-style: inherit; font-weight: inherit;\">ricorsi e motivazioni di ricorsi inerenti marchi comunitari<\/span><\/li><li><span style=\"background-color: transparent; font-style: inherit; font-weight: inherit;\">obiezioni<\/span><\/li><li><span style=\"background-color: transparent; font-style: inherit; font-weight: inherit;\">azioni di nullit\u00e0 e di cancellazione<\/span><\/li><li><span style=\"background-color: transparent; font-style: inherit; font-weight: inherit;\">appelli, motivazioni d&#8217;appello<\/span><\/li><li><span style=\"background-color: transparent; font-style: inherit; font-weight: inherit;\">documenti comprovanti la priorit\u00e0 di un brevetto<\/span><\/li><li><span style=\"background-color: transparent; font-style: inherit; font-weight: inherit;\">provvedimenti d&#8217;urgenza in ambito di marchi<\/span><\/li><li><span style=\"background-color: transparent; font-style: inherit; font-weight: inherit;\">inventari di merci e servizi<\/span><\/li><li><span style=\"background-color: transparent; font-style: inherit; font-weight: inherit;\">scritture di protezione<\/span><\/li><li><span style=\"background-color: transparent; font-style: inherit; font-weight: inherit;\">atti di marchi<\/span><\/li><li><span style=\"background-color: transparent; font-style: inherit; font-weight: inherit;\">diffide nonch\u00e9 dichiarazioni di non fare e d&#8217;impegno<\/span><\/li><li><span style=\"background-color: transparent; font-style: inherit; font-weight: inherit;\">dichiarazioni di cittadinanza<\/span><\/li><li><span style=\"background-color: transparent; font-style: inherit; font-weight: inherit;\">un commento alla legge tedesca sui modelli ornamentali<\/span><\/li><\/ul><p style=\"hyphens: auto; margin-bottom: 12px; font-size: 15px; background-image: initial; background-position: initial; background-size: initial; background-repeat: initial; background-attachment: initial; background-origin: initial; background-clip: initial; font-family: Arial, Helvetica, sans-serif; font-style: normal; font-weight: 400;\">Ha inoltre ampia esperienza nella traduzione freelance di contratti, condizioni generali di contratto, documenti di diritto societario, documenti finanziari, bilanci, relazioni d&#8217;esercizio (considerando i settori finanziario e contabile un tutt&#8217;uno ai sensi dell&#8217;IFRS\/codice commerciale tedesco, ha affrontato progetti il cui volume complessivo, a febbraio 2012, ammonta a 280.000 parole).<\/p><p style=\"hyphens: auto; margin-bottom: 12px; font-size: 15px; background-image: initial; background-position: initial; background-size: initial; background-repeat: initial; background-attachment: initial; background-origin: initial; background-clip: initial; font-family: Arial, Helvetica, sans-serif; font-style: normal; font-weight: 400;\">Dopo aver conseguito la qualifica di traduttrice nella combinazione linguistica tedesco &gt; inglese per i settori &#8220;generale&#8221; ed &#8220;economico-legale&#8221; del Chartered Institute of Linguists, un istituto che gode di prestigio a livello internazionale e la cui qualifica in Gran Bretagna \u00e8 equiparata a un master, dal 2004 \u00e8 membro di questa associazione professionale britannica.<\/p><p style=\"hyphens: auto; margin-bottom: 12px; font-size: 15px; background-image: initial; background-position: initial; background-size: initial; background-repeat: initial; background-attachment: initial; background-origin: initial; background-clip: initial; font-family: Arial, Helvetica, sans-serif; font-style: normal; font-weight: 400;\">SDL Trados Studio 2019 e SDL MultiTerm Expert. In questo modo garantiamo traduzioni terminologicamente coerenti e l&#8217;utilizzo delle lingue dei clienti esistenti, nella misura in cui ci\u00f2 \u00e8 consigliabile nei singoli casi. Ci\u00f2 significa che nelle aree di specializzazione che lo richiedono (in particolare diritto, diritti di propriet\u00e0 intellettuale, rendicontazione finanziaria), le traduzioni o le correzioni sono effettuate in modo tale che ogni termine tecnico ripetitivo di uguale significato nel contesto sia riprodotto della stessa traduzione. Maggiori informazioni su &#8220;CPD\/What&#8217; new.&#8221;<\/p><p style=\"hyphens: auto; margin-bottom: 12px; font-size: 15px; background-image: initial; background-position: initial; background-size: initial; background-repeat: initial; background-attachment: initial; background-origin: initial; background-clip: initial; font-family: Arial, Helvetica, sans-serif; font-style: normal; font-weight: 400;\">La principale combinazione linguistica di Astrid \u00e8 tedesco &gt; inglese; tuttavia la sua esperienza di traduzione nella combinazione francese &gt; inglese ammonta ad almeno 270.000 parole (a novembre 2021) e riguarda gli ambiti dei diritti di propriet\u00e0 intellettuale (compresi i diritti di brevetto), degli atti giudiziari,\u00a0dei beni immobili, del diritto contrattuale, diritto societario,\u00a0dell&#8217;economia generale e del diritto amministrativo.<\/p><p style=\"hyphens: auto; margin-bottom: 12px; font-size: 15px; background-image: initial; background-position: initial; background-size: initial; background-repeat: initial; background-attachment: initial; background-origin: initial; background-clip: initial; font-family: Arial, Helvetica, sans-serif; font-style: normal; font-weight: 400;\">Da 11 anni collabora,\u00a0lavorando a tempo pieno, molto proficuamente con Sebastian Witte: insieme sviluppano proprie banche dati terminologiche allo scopo di consentire ad entrambi i partner\u00a0<strong style=\"hyphens: auto; margin: 0px; padding: 0px; border: 0px; outline: 0px; vertical-align: baseline; background: transparent; color: rgba(0, 0, 0, 0.9); letter-spacing: 0px;\">la massima precisione terminologica nei differenti ambiti di specializzazione<\/strong>. Matrimonio nel dicembre del 2014.<\/p><ul style=\"hyphens: auto; margin: 0px 0px 12px; padding: 0px 0px 0px 24px; font-size: 15px; background-image: initial; background-position: initial; background-size: initial; background-repeat: initial; background-attachment: initial; background-origin: initial; background-clip: initial; font-family: Arial, Helvetica, sans-serif; font-style: normal; font-weight: 400;\"><li style=\"hyphens: auto; margin-left: 48px; font-size: 15px; background: transparent; list-style: url('layout_images\/bullet.png') none;\">\u00a0<\/li><\/ul>\t\t\t\t\t\t\t\t<\/div>\n\t\t\t\t<\/div>\n\t\t\t\t\t<\/div>\n\t\t<\/div>\n\t\t\t\t\t<\/div>\n\t\t<\/section>\n\t\t\t\t\t<\/div>\n\t\t<\/div>\n\t\t\t\t\t<\/div>\n\t\t<\/section>\n\t\t\t\t<\/div>\n\t\t","protected":false},"excerpt":{"rendered":"<p>Astrid Elke Witte, nata nel 1957 Dettagli del progetto Volume: 43230 parole(173 cartelle)Termine di consegna:12\/2005Combinazione linguistica:Tedesco &gt; Inglese Descrizione Traduzione dellacorrispondenza delle parti, tra cui le memorie (dichiarazioni delle parti nei confronti del Tribunale), in un&#8217;azione giuridica com- plessa svoltasi nel secondo semestre del 2005 Settore di specializzazione brevetti, marchi, diritto d&#8217;autore Riscontro del cliente: [&hellip;]<\/p>\n","protected":false},"author":2,"featured_media":0,"parent":713,"menu_order":0,"comment_status":"closed","ping_status":"closed","template":"","meta":{"site-sidebar-layout":"no-sidebar","site-content-layout":"page-builder","ast-site-content-layout":"full-width-container","site-content-style":"unboxed","site-sidebar-style":"unboxed","ast-global-header-display":"","ast-banner-title-visibility":"","ast-main-header-display":"","ast-hfb-above-header-display":"","ast-hfb-below-header-display":"","ast-hfb-mobile-header-display":"","site-post-title":"disabled","ast-breadcrumbs-content":"","ast-featured-img":"disabled","footer-sml-layout":"","ast-disable-related-posts":"","theme-transparent-header-meta":"","adv-header-id-meta":"","stick-header-meta":"","header-above-stick-meta":"","header-main-stick-meta":"","header-below-stick-meta":"","astra-migrate-meta-layouts":"set","ast-page-background-enabled":"default","ast-page-background-meta":{"desktop":{"background-color":"var(--ast-global-color-4)","background-image":"","background-repeat":"repeat","background-position":"center center","background-size":"auto","background-attachment":"scroll","background-type":"","background-media":"","overlay-type":"","overlay-color":"","overlay-opacity":"","overlay-gradient":""},"tablet":{"background-color":"","background-image":"","background-repeat":"repeat","background-position":"center center","background-size":"auto","background-attachment":"scroll","background-type":"","background-media":"","overlay-type":"","overlay-color":"","overlay-opacity":"","overlay-gradient":""},"mobile":{"background-color":"","background-image":"","background-repeat":"repeat","background-position":"center center","background-size":"auto","background-attachment":"scroll","background-type":"","background-media":"","overlay-type":"","overlay-color":"","overlay-opacity":"","overlay-gradient":""}},"ast-content-background-meta":{"desktop":{"background-color":"var(--ast-global-color-5)","background-image":"","background-repeat":"repeat","background-position":"center center","background-size":"auto","background-attachment":"scroll","background-type":"","background-media":"","overlay-type":"","overlay-color":"","overlay-opacity":"","overlay-gradient":""},"tablet":{"background-color":"var(--ast-global-color-5)","background-image":"","background-repeat":"repeat","background-position":"center center","background-size":"auto","background-attachment":"scroll","background-type":"","background-media":"","overlay-type":"","overlay-color":"","overlay-opacity":"","overlay-gradient":""},"mobile":{"background-color":"var(--ast-global-color-5)","background-image":"","background-repeat":"repeat","background-position":"center center","background-size":"auto","background-attachment":"scroll","background-type":"","background-media":"","overlay-type":"","overlay-color":"","overlay-opacity":"","overlay-gradient":""}},"footnotes":""},"class_list":["post-951","page","type-page","status-publish","hentry"],"yoast_head":"<!-- This site is optimized with the Yoast SEO plugin v27.5 - https:\/\/yoast.com\/product\/yoast-seo-wordpress\/ -->\n<title>Astrid Elke Witte, Jahrgang 1957 - A. &amp; S. Witte Partnerschaft<\/title>\n<meta name=\"robots\" content=\"index, follow, max-snippet:-1, max-image-preview:large, max-video-preview:-1\" \/>\n<link rel=\"canonical\" href=\"https:\/\/aswittepartg.de\/it\/chi-siamo\/astrid-elke-witte-nata-nel-1957\/\" \/>\n<meta property=\"og:locale\" content=\"it_IT\" \/>\n<meta property=\"og:type\" content=\"article\" \/>\n<meta property=\"og:title\" content=\"Astrid Elke Witte, Jahrgang 1957 - A. &amp; S. Witte Partnerschaft\" \/>\n<meta property=\"og:description\" content=\"Astrid Elke Witte, nata nel 1957 Dettagli del progetto Volume: 43230 parole(173 cartelle)Termine di consegna:12\/2005Combinazione linguistica:Tedesco &gt; Inglese Descrizione Traduzione dellacorrispondenza delle parti, tra cui le memorie (dichiarazioni delle parti nei confronti del Tribunale), in un&#8217;azione giuridica com- plessa svoltasi nel secondo semestre del 2005 Settore di specializzazione brevetti, marchi, diritto d&#8217;autore Riscontro del cliente: [&hellip;]\" \/>\n<meta property=\"og:url\" content=\"https:\/\/aswittepartg.de\/it\/chi-siamo\/astrid-elke-witte-nata-nel-1957\/\" \/>\n<meta property=\"og:site_name\" content=\"A. &amp; S. Witte Partnerschaft\" \/>\n<meta property=\"article:publisher\" content=\"https:\/\/www.facebook.com\/ASWITTE\" \/>\n<meta property=\"article:modified_time\" content=\"2026-02-20T09:07:21+00:00\" \/>\n<meta property=\"og:image\" content=\"https:\/\/aswittepartg.de\/wp-content\/uploads\/2023\/06\/elke.jpg\" \/>\n\t<meta property=\"og:image:width\" content=\"365\" \/>\n\t<meta property=\"og:image:height\" content=\"548\" \/>\n\t<meta property=\"og:image:type\" content=\"image\/jpeg\" \/>\n<meta name=\"twitter:card\" content=\"summary_large_image\" \/>\n<meta name=\"twitter:label1\" content=\"Tempo di lettura stimato\" \/>\n\t<meta name=\"twitter:data1\" content=\"4 minuti\" \/>\n<script type=\"application\/ld+json\" class=\"yoast-schema-graph\">{\"@context\":\"https:\\\/\\\/schema.org\",\"@graph\":[{\"@type\":\"WebPage\",\"@id\":\"https:\\\/\\\/aswittepartg.de\\\/it\\\/chi-siamo\\\/astrid-elke-witte-nata-nel-1957\\\/\",\"url\":\"https:\\\/\\\/aswittepartg.de\\\/it\\\/chi-siamo\\\/astrid-elke-witte-nata-nel-1957\\\/\",\"name\":\"Astrid Elke Witte, Jahrgang 1957 - A. &amp; S. Witte Partnerschaft\",\"isPartOf\":{\"@id\":\"https:\\\/\\\/aswittepartg.de\\\/#website\"},\"primaryImageOfPage\":{\"@id\":\"https:\\\/\\\/aswittepartg.de\\\/it\\\/chi-siamo\\\/astrid-elke-witte-nata-nel-1957\\\/#primaryimage\"},\"image\":{\"@id\":\"https:\\\/\\\/aswittepartg.de\\\/it\\\/chi-siamo\\\/astrid-elke-witte-nata-nel-1957\\\/#primaryimage\"},\"thumbnailUrl\":\"https:\\\/\\\/aswittepartg.de\\\/wp-content\\\/uploads\\\/2023\\\/06\\\/elke.jpg\",\"datePublished\":\"2023-06-24T12:40:57+00:00\",\"dateModified\":\"2026-02-20T09:07:21+00:00\",\"breadcrumb\":{\"@id\":\"https:\\\/\\\/aswittepartg.de\\\/it\\\/chi-siamo\\\/astrid-elke-witte-nata-nel-1957\\\/#breadcrumb\"},\"inLanguage\":\"it-IT\",\"potentialAction\":[{\"@type\":\"ReadAction\",\"target\":[\"https:\\\/\\\/aswittepartg.de\\\/it\\\/chi-siamo\\\/astrid-elke-witte-nata-nel-1957\\\/\"]}]},{\"@type\":\"ImageObject\",\"inLanguage\":\"it-IT\",\"@id\":\"https:\\\/\\\/aswittepartg.de\\\/it\\\/chi-siamo\\\/astrid-elke-witte-nata-nel-1957\\\/#primaryimage\",\"url\":\"https:\\\/\\\/aswittepartg.de\\\/wp-content\\\/uploads\\\/2023\\\/06\\\/elke.jpg\",\"contentUrl\":\"https:\\\/\\\/aswittepartg.de\\\/wp-content\\\/uploads\\\/2023\\\/06\\\/elke.jpg\"},{\"@type\":\"BreadcrumbList\",\"@id\":\"https:\\\/\\\/aswittepartg.de\\\/it\\\/chi-siamo\\\/astrid-elke-witte-nata-nel-1957\\\/#breadcrumb\",\"itemListElement\":[{\"@type\":\"ListItem\",\"position\":1,\"name\":\"Home\",\"item\":\"https:\\\/\\\/aswittepartg.de\\\/it\\\/\"},{\"@type\":\"ListItem\",\"position\":2,\"name\":\"CHI SIAMO\",\"item\":\"https:\\\/\\\/aswittepartg.de\\\/it\\\/chi-siamo\\\/\"},{\"@type\":\"ListItem\",\"position\":3,\"name\":\"Astrid Elke Witte, Jahrgang 1957\"}]},{\"@type\":\"WebSite\",\"@id\":\"https:\\\/\\\/aswittepartg.de\\\/#website\",\"url\":\"https:\\\/\\\/aswittepartg.de\\\/\",\"name\":\"A. & S. Witte Partnerschaft\",\"description\":\"Fach&uuml;bersetzungen\\\/Specialist translations\",\"publisher\":{\"@id\":\"https:\\\/\\\/aswittepartg.de\\\/#organization\"},\"alternateName\":\"ASWITTE PartG\",\"potentialAction\":[{\"@type\":\"SearchAction\",\"target\":{\"@type\":\"EntryPoint\",\"urlTemplate\":\"https:\\\/\\\/aswittepartg.de\\\/?s={search_term_string}\"},\"query-input\":{\"@type\":\"PropertyValueSpecification\",\"valueRequired\":true,\"valueName\":\"search_term_string\"}}],\"inLanguage\":\"it-IT\"},{\"@type\":\"Organization\",\"@id\":\"https:\\\/\\\/aswittepartg.de\\\/#organization\",\"name\":\"A. & S. Witte Partnerschaft\",\"alternateName\":\"ASWITTE PartG\",\"url\":\"https:\\\/\\\/aswittepartg.de\\\/\",\"logo\":{\"@type\":\"ImageObject\",\"inLanguage\":\"it-IT\",\"@id\":\"https:\\\/\\\/aswittepartg.de\\\/#\\\/schema\\\/logo\\\/image\\\/\",\"url\":\"https:\\\/\\\/aswittepartg.de\\\/wp-content\\\/uploads\\\/2023\\\/06\\\/logo.png\",\"contentUrl\":\"https:\\\/\\\/aswittepartg.de\\\/wp-content\\\/uploads\\\/2023\\\/06\\\/logo.png\",\"width\":457,\"height\":475,\"caption\":\"A. & S. Witte Partnerschaft\"},\"image\":{\"@id\":\"https:\\\/\\\/aswittepartg.de\\\/#\\\/schema\\\/logo\\\/image\\\/\"},\"sameAs\":[\"https:\\\/\\\/www.facebook.com\\\/ASWITTE\"]}]}<\/script>\n<!-- \/ Yoast SEO plugin. -->","yoast_head_json":{"title":"Astrid Elke Witte, Jahrgang 1957 - A. &amp; S. Witte Partnerschaft","robots":{"index":"index","follow":"follow","max-snippet":"max-snippet:-1","max-image-preview":"max-image-preview:large","max-video-preview":"max-video-preview:-1"},"canonical":"https:\/\/aswittepartg.de\/it\/chi-siamo\/astrid-elke-witte-nata-nel-1957\/","og_locale":"it_IT","og_type":"article","og_title":"Astrid Elke Witte, Jahrgang 1957 - A. &amp; S. Witte Partnerschaft","og_description":"Astrid Elke Witte, nata nel 1957 Dettagli del progetto Volume: 43230 parole(173 cartelle)Termine di consegna:12\/2005Combinazione linguistica:Tedesco &gt; Inglese Descrizione Traduzione dellacorrispondenza delle parti, tra cui le memorie (dichiarazioni delle parti nei confronti del Tribunale), in un&#8217;azione giuridica com- plessa svoltasi nel secondo semestre del 2005 Settore di specializzazione brevetti, marchi, diritto d&#8217;autore Riscontro del cliente: [&hellip;]","og_url":"https:\/\/aswittepartg.de\/it\/chi-siamo\/astrid-elke-witte-nata-nel-1957\/","og_site_name":"A. &amp; S. Witte Partnerschaft","article_publisher":"https:\/\/www.facebook.com\/ASWITTE","article_modified_time":"2026-02-20T09:07:21+00:00","og_image":[{"width":365,"height":548,"url":"https:\/\/aswittepartg.de\/wp-content\/uploads\/2023\/06\/elke.jpg","type":"image\/jpeg"}],"twitter_card":"summary_large_image","twitter_misc":{"Tempo di lettura stimato":"4 minuti"},"schema":{"@context":"https:\/\/schema.org","@graph":[{"@type":"WebPage","@id":"https:\/\/aswittepartg.de\/it\/chi-siamo\/astrid-elke-witte-nata-nel-1957\/","url":"https:\/\/aswittepartg.de\/it\/chi-siamo\/astrid-elke-witte-nata-nel-1957\/","name":"Astrid Elke Witte, Jahrgang 1957 - A. &amp; S. Witte Partnerschaft","isPartOf":{"@id":"https:\/\/aswittepartg.de\/#website"},"primaryImageOfPage":{"@id":"https:\/\/aswittepartg.de\/it\/chi-siamo\/astrid-elke-witte-nata-nel-1957\/#primaryimage"},"image":{"@id":"https:\/\/aswittepartg.de\/it\/chi-siamo\/astrid-elke-witte-nata-nel-1957\/#primaryimage"},"thumbnailUrl":"https:\/\/aswittepartg.de\/wp-content\/uploads\/2023\/06\/elke.jpg","datePublished":"2023-06-24T12:40:57+00:00","dateModified":"2026-02-20T09:07:21+00:00","breadcrumb":{"@id":"https:\/\/aswittepartg.de\/it\/chi-siamo\/astrid-elke-witte-nata-nel-1957\/#breadcrumb"},"inLanguage":"it-IT","potentialAction":[{"@type":"ReadAction","target":["https:\/\/aswittepartg.de\/it\/chi-siamo\/astrid-elke-witte-nata-nel-1957\/"]}]},{"@type":"ImageObject","inLanguage":"it-IT","@id":"https:\/\/aswittepartg.de\/it\/chi-siamo\/astrid-elke-witte-nata-nel-1957\/#primaryimage","url":"https:\/\/aswittepartg.de\/wp-content\/uploads\/2023\/06\/elke.jpg","contentUrl":"https:\/\/aswittepartg.de\/wp-content\/uploads\/2023\/06\/elke.jpg"},{"@type":"BreadcrumbList","@id":"https:\/\/aswittepartg.de\/it\/chi-siamo\/astrid-elke-witte-nata-nel-1957\/#breadcrumb","itemListElement":[{"@type":"ListItem","position":1,"name":"Home","item":"https:\/\/aswittepartg.de\/it\/"},{"@type":"ListItem","position":2,"name":"CHI SIAMO","item":"https:\/\/aswittepartg.de\/it\/chi-siamo\/"},{"@type":"ListItem","position":3,"name":"Astrid Elke Witte, Jahrgang 1957"}]},{"@type":"WebSite","@id":"https:\/\/aswittepartg.de\/#website","url":"https:\/\/aswittepartg.de\/","name":"A. & S. Witte Partnerschaft","description":"Fach&uuml;bersetzungen\/Specialist translations","publisher":{"@id":"https:\/\/aswittepartg.de\/#organization"},"alternateName":"ASWITTE PartG","potentialAction":[{"@type":"SearchAction","target":{"@type":"EntryPoint","urlTemplate":"https:\/\/aswittepartg.de\/?s={search_term_string}"},"query-input":{"@type":"PropertyValueSpecification","valueRequired":true,"valueName":"search_term_string"}}],"inLanguage":"it-IT"},{"@type":"Organization","@id":"https:\/\/aswittepartg.de\/#organization","name":"A. & S. Witte Partnerschaft","alternateName":"ASWITTE PartG","url":"https:\/\/aswittepartg.de\/","logo":{"@type":"ImageObject","inLanguage":"it-IT","@id":"https:\/\/aswittepartg.de\/#\/schema\/logo\/image\/","url":"https:\/\/aswittepartg.de\/wp-content\/uploads\/2023\/06\/logo.png","contentUrl":"https:\/\/aswittepartg.de\/wp-content\/uploads\/2023\/06\/logo.png","width":457,"height":475,"caption":"A. & S. Witte Partnerschaft"},"image":{"@id":"https:\/\/aswittepartg.de\/#\/schema\/logo\/image\/"},"sameAs":["https:\/\/www.facebook.com\/ASWITTE"]}]}},"_links":{"self":[{"href":"https:\/\/aswittepartg.de\/it\/wp-json\/wp\/v2\/pages\/951","targetHints":{"allow":["GET"]}}],"collection":[{"href":"https:\/\/aswittepartg.de\/it\/wp-json\/wp\/v2\/pages"}],"about":[{"href":"https:\/\/aswittepartg.de\/it\/wp-json\/wp\/v2\/types\/page"}],"author":[{"embeddable":true,"href":"https:\/\/aswittepartg.de\/it\/wp-json\/wp\/v2\/users\/2"}],"replies":[{"embeddable":true,"href":"https:\/\/aswittepartg.de\/it\/wp-json\/wp\/v2\/comments?post=951"}],"version-history":[{"count":24,"href":"https:\/\/aswittepartg.de\/it\/wp-json\/wp\/v2\/pages\/951\/revisions"}],"predecessor-version":[{"id":1612,"href":"https:\/\/aswittepartg.de\/it\/wp-json\/wp\/v2\/pages\/951\/revisions\/1612"}],"up":[{"embeddable":true,"href":"https:\/\/aswittepartg.de\/it\/wp-json\/wp\/v2\/pages\/713"}],"wp:attachment":[{"href":"https:\/\/aswittepartg.de\/it\/wp-json\/wp\/v2\/media?parent=951"}],"curies":[{"name":"wp","href":"https:\/\/api.w.org\/{rel}","templated":true}]}}